{"id":510,"date":"2018-05-16T11:20:40","date_gmt":"2018-05-16T09:20:40","guid":{"rendered":"https:\/\/blogs.atd-quartmonde.org\/humanrights\/?page_id=510"},"modified":"2018-12-14T11:48:25","modified_gmt":"2018-12-14T09:48:25","slug":"mentions-legales","status":"publish","type":"page","link":"https:\/\/blogs.atd-quartmonde.org\/humanrights\/mentions-legales\/","title":{"rendered":"Mentions l\u00e9gales"},"content":{"rendered":"<div class=\"entry-main-content\">\n<p>Vous \u00eates sur le blog <a href=\"https:\/\/blogs.atd-quartmonde.org\/humanrights\/\">https:\/\/blogs.atd-quartmonde.org\/humanrights\/<\/a><br \/>\nCe blog est \u00e9dit\u00e9 par ATD Quart Monde (Agir Tous pour la Dignit\u00e9).<\/p>\n<p><strong>Objectif et qualit\u00e9 des contenus<\/strong><\/p>\n<p>Ce site a pour objectif d\u2019informer le grand public, les professionnels et les m\u00e9dias. ATD Quart Monde s\u2019efforce de fournir une information de qualit\u00e9 et v\u00e9rifi\u00e9e, toutefois si une information semble inexacte ou contient une erreur typographique, vous pouvez le signaler <a href=\"https:\/\/blogs.atd-quartmonde.org\/humanrights\/contact\/\">sur notre page de contact<\/a>.<\/p>\n<p><strong>Finalit\u00e9 des traitements<\/strong><\/p>\n<p>Sur ce site, vous pouvez vous abonner pour suivre les publications. Vous avez aussi le droit de demander \u00e0 r\u00e9silier votre abonnement en \u00e9crivant \u00e0 equipe.europe[arobase]atd.quartmonde.org<\/p>\n<p>Les informations que vous consentez \u00e0 nous transmettre sont enregistr\u00e9es dans un fichier informatis\u00e9 par ATD Quart Monde. Elles sont r\u00e9serv\u00e9es \u00e0 l\u2019usage exclusif d\u2019ATD Quart Monde.<\/p>\n<p>Elles sont utilis\u00e9es pour vous envoyer des informations concernant nos actions, leurs financements et pour g\u00e9rer vos dons et vos adh\u00e9sions. Sans demande de suppression de votre part, elles seront conserv\u00e9es pour la r\u00e9alisation des finalit\u00e9s pr\u00e9cit\u00e9es.<\/p>\n<p>Le \u00ab\u00a0Secr\u00e9tariat des Amis\u00a0\u00bb, un des services d\u2019ATD Quart Monde situ\u00e9 \u00e0 Pierrelaye (France), est le principal destinataire de ces donn\u00e9es pour en assurer la gestion et la diffusion aupr\u00e8s des services internes concern\u00e9s.<\/p>\n<p>Pour des renseignements sur l\u2019utilisation des donn\u00e9es personnelles ou pour exercer votre droit d\u2019acc\u00e8s aux informations vous concernant inscrites dans notre fichier (loi \u00ab informatique et libert\u00e9s \u00bb du 6 janvier 1978 modifi\u00e9e), demander leur rectification ou leur suppression, vous pouvez joindre le d\u00e9l\u00e9gu\u00e9 \u00e0 la protection des donn\u00e9es personnelles en \u00e9crivant \u00e0 <a href=\"mailto:dpo@atd-quartmonde.org\">dpo@atd-quartmonde.org<\/a><\/p>\n<p>Vous avez la possibilit\u00e9 de vous opposer au traitement des donn\u00e9es vous concernant.\u00a0Pour en savoir plus,\u00a0<a href=\"https:\/\/www.cnil.fr\/fr\/les-droits-pour-maitriser-vos-donnees-personnelles\" target=\"_blank\" rel=\"noopener\">consultez\u00a0vos droits sur le site de la CNIL<\/a>.<\/p>\n<p><strong>Informations nominatives<\/strong><\/p>\n<p>ATD Quart Monde ne vend, ni n\u2019\u00e9change ou ne communique ses fichiers d\u2019adresses.<\/p>\n<p><strong>Protection des donn\u00e9es personnelles<\/strong><\/p>\n<p>Aucune information personnelle n\u2019est collect\u00e9e \u00e0 votre insu sur ce site, n\u2019est c\u00e9d\u00e9e (vente, \u00e9change\u2026) \u00e0 des tiers, n\u2019est utilis\u00e9e \u00e0 des fins non pr\u00e9vues. Toutes les donn\u00e9es non affich\u00e9es sont effac\u00e9es \u00e0 la fin des traitements pour \u00eatre transf\u00e9r\u00e9s vers des serveurs internes et s\u00e9curis\u00e9s.<\/p>\n<p><strong>Commentaires<\/strong><\/p>\n<p class=\"western\">Lorsque vous laissez des commentaires sur ce site, nous recueillons les donn\u00e9es indiqu\u00e9es dans le formulaire de commentaires, ainsi que votre adresse IP et la cha\u00eene d&rsquo;agent de l&rsquo;utilisateur du navigateur pour aider \u00e0 la d\u00e9tection du spam.<\/p>\n<p class=\"western\">Une cha\u00eene anonyme cr\u00e9\u00e9e \u00e0 partir de votre adresse \u00e9lectronique (aussi appel\u00e9e hachage) peut \u00eatre fournie au service Gravatar pour voir si vous l&rsquo;utilisez. La politique de confidentialit\u00e9 du service Gravatar est disponible ici : <a href=\"https:\/\/automattic.com\/privacy\/\" target=\"_blank\" rel=\"noopener\">https:\/\/automattic.com\/privacy\/<\/a>. Apr\u00e8s l&rsquo;approbation de votre commentaire, votre photo de profil est visible par le public dans le contexte de votre commentaire.<\/p>\n<p class=\"western\"><strong>Cookies<\/strong><\/p>\n<p>Ce site utilise des cookies \u2013 de petits fichiers texte qui sont plac\u00e9s sur votre machine -. En g\u00e9n\u00e9ral, les cookies sont utilis\u00e9s pour conserver les pr\u00e9f\u00e9rences de l\u2019utilisateur, stocker des informations pour des choses comme les paniers d\u2019achat (pas sur ce site) et fournir des donn\u00e9es anonymis\u00e9es pour des statistiques de suivi.<\/p>\n<p>Vous pouvez pr\u00e9f\u00e9rer d\u00e9sactiver les cookies sur ce site et sur d\u2019autres. Le moyen le plus efficace consiste \u00e0 d\u00e9sactiver les cookies dans votre navigateur. Nous vous sugg\u00e9rons de consulter la section \u00ab\u00a0Aide\u00a0\u00bb de votre navigateur ou de consulter le site de la CNIL <a href=\"https:\/\/www.cnil.fr\/fr\/cookies-les-outils-pour-les-maitriser\" target=\"_blank\" rel=\"noopener\">https:\/\/www.cnil.fr\/fr\/cookies-les-outils-pour-les-maitriser<\/a> qui propose des conseils pour tous les navigateurs modernes.<\/p>\n<p class=\"western\">Si vous laissez un commentaire sur notre site, vous pouvez choisir d&rsquo;enregistrer votre nom, votre adresse e-mail et votre site Web dans des cookies. C&rsquo;est pour votre commodit\u00e9 afin que vous n&rsquo;ayez pas \u00e0 remplir \u00e0 nouveau vos coordonn\u00e9es lorsque vous laissez un autre commentaire. Ces cookies dureront un an.<\/p>\n<p class=\"western\">Si vous avez un compte et que vous vous connectez \u00e0 ce site, nous \u00e9tablirons un cookie temporaire pour d\u00e9terminer si votre navigateur accepte les cookies. Ce cookie ne contient aucune donn\u00e9e personnelle et est supprim\u00e9 lorsque vous fermez votre navigateur.<\/p>\n<p class=\"western\">Lorsque vous vous connectez, nous configurerons \u00e9galement plusieurs cookies pour enregistrer vos informations de connexion et vos choix d&rsquo;affichage \u00e0 l&rsquo;\u00e9cran. Les cookies de connexion durent deux jours et les options d&rsquo;\u00e9cran durent un an. Si vous s\u00e9lectionnez \u00ab\u00a0Se souvenir de moi\u00a0\u00bb, votre login persistera pendant deux semaines. Si vous vous d\u00e9connectez de votre compte, les cookies de connexion seront supprim\u00e9s.<\/p>\n<p class=\"western\">Si vous modifiez ou publiez un article, un cookie suppl\u00e9mentaire sera enregistr\u00e9 dans votre navigateur. Ce cookie ne contient aucune donn\u00e9e personnelle et indique simplement l&rsquo;identifiant de l&rsquo;article que vous venez de modifier. Il expire apr\u00e8s 1 jour.<\/p>\n<p class=\"western\"><strong>Contenu int\u00e9gr\u00e9 provenant d&rsquo;autres sites Web<\/strong><\/p>\n<p class=\"western\">Les articles sur ce site peuvent inclure du contenu int\u00e9gr\u00e9 (p. ex. vid\u00e9os, images, articles, etc.). Le contenu int\u00e9gr\u00e9 d&rsquo;autres sites Web se comporte exactement de la m\u00eame mani\u00e8re que si le visiteur a visit\u00e9 l&rsquo;autre site Web.<\/p>\n<p class=\"western\">Ces sites Web peuvent recueillir des donn\u00e9es vous concernant, utiliser des cookies, int\u00e9grer un suivi de tiers suppl\u00e9mentaire et surveiller votre interaction avec ce contenu int\u00e9gr\u00e9, y compris le suivi de votre interaction avec le contenu int\u00e9gr\u00e9 si vous avez un compte et que vous \u00eates connect\u00e9 \u00e0 ce site Web.<\/p>\n<p class=\"western\"><strong>Combien de temps conservons-nous vos donn\u00e9es ?<\/strong><\/p>\n<p class=\"western\">Si vous laissez un commentaire, le commentaire et ses m\u00e9tadonn\u00e9es sont conserv\u00e9s ind\u00e9finiment. C&rsquo;est ainsi que nous pouvons reconna\u00eetre et approuver automatiquement tous les commentaires de suivi au lieu de les mettre dans une file d&rsquo;attente de mod\u00e9ration.<\/p>\n<p class=\"western\">Pour les utilisateurs qui s&rsquo;inscrivent sur notre site Web, nous conservons \u00e9galement les renseignements personnels qu&rsquo;ils fournissent dans leur profil d&rsquo;utilisateur. Tous les utilisateurs peuvent voir, modifier ou supprimer leurs informations personnelles \u00e0 tout moment (sauf qu&rsquo;ils ne peuvent pas changer leur nom d&rsquo;utilisateur). Les administrateurs du site Web peuvent \u00e9galement voir et modifier cette information.<\/p>\n<p class=\"western\"><strong>Quels sont vos droits sur vos donn\u00e9es ?<\/strong><\/p>\n<p class=\"western\">Si vous avez un compte sur ce site, ou si vous avez laiss\u00e9 des commentaires, vous pouvez demander \u00e0 recevoir un fichier export\u00e9 des donn\u00e9es personnelles que nous d\u00e9tenons \u00e0 votre sujet, y compris toutes les donn\u00e9es que vous nous avez fournies. Vous pouvez \u00e9galement nous demander d&rsquo;effacer toutes les donn\u00e9es personnelles que nous d\u00e9tenons \u00e0 votre sujet. Cela ne comprend pas les donn\u00e9es que nous sommes oblig\u00e9s de conserver \u00e0 des fins administratives, juridiques ou de s\u00e9curit\u00e9.<\/p>\n<p class=\"western\"><strong>O\u00f9 envoyons-nous vos donn\u00e9es ?<br \/>\n<\/strong><\/p>\n<p class=\"western\">Les commentaires des visiteurs sont v\u00e9rifi\u00e9s par le biais d&rsquo;un service automatis\u00e9 de d\u00e9tection des spams.<\/p>\n<p><strong>Messagerie<\/strong><\/p>\n<p>Les messages envoy\u00e9s sur le r\u00e9seau Internet peuvent \u00eatre intercept\u00e9s. Ne divulguez pas d\u2019informations personnelles inutiles ou sensibles. Si vous souhaitez nous communiquer de telles informations, utilisez imp\u00e9rativement la voie postale.<\/p>\n<p><strong>R\u00e9utilisation des contenus<\/strong><br \/>\n<strong>Droits d\u2019auteur \u2013 Droit de reproduction<\/strong><\/p>\n<p>Le contenu de ce site est sous licence Creative Commons \u00ab <a href=\"https:\/\/creativecommons.org\/licenses\/by-nc-nd\/3.0\/deed.fr\" target=\"_blank\" rel=\"noopener\">by-nc-nd<\/a> \u00bb.<br \/>\nLa reproduction des textes de ce site sur un support papier est autoris\u00e9e, tout particuli\u00e8rement dans le cadre p\u00e9dagogique, sous r\u00e9serve du respect des trois conditions suivantes :<\/p>\n<p><em>gratuit\u00e9 de la diffusion,<\/em><br \/>\n<em>respect de l\u2019int\u00e9grit\u00e9 des documents reproduits : pas de modification ni alt\u00e9ration d\u2019aucune sorte,<\/em><br \/>\n<em>citation claire et lisible de la source sous la forme suivante : \u00ab Document issu du site Internet d\u2019ATD Quart Monde France https:\/\/blogs.atd-quartmonde.org. Les droits de reproduction sont r\u00e9serv\u00e9s et limit\u00e9s \u00bb. L\u2019adresse internet du site doit imp\u00e9rativement figurer dans la r\u00e9f\u00e9rence.<\/em><\/p>\n<p>Autorisation de reproduction pour les m\u00e9dias<\/p>\n<p>La reproduction de textes (hormis les textes d\u2019auteurs mis en ligne), documents graphiques, iconographiques et photographiques est autoris\u00e9e dans le cadre de la presse (\u00e9crite, parl\u00e9e, t\u00e9l\u00e9vis\u00e9e et \u00e9lectronique) sous r\u00e9serve du respect des conditions suivantes\u00a0:<\/p>\n<p><em>respect de l\u2019int\u00e9grit\u00e9 des documents reproduits (pas de modification ni alt\u00e9ration)<\/em><br \/>\n<em>citation claire et lisible de la source sous la forme suivante : \u00ab Document issu du site Internet d\u2019Atd Quart Monde https:\/\/blogs.atd-quartmonde.org. Les droits de reproduction sont r\u00e9serv\u00e9s et limit\u00e9s \u00bb.<\/em><\/p>\n<p>L\u2019adresse internet du site doit imp\u00e9rativement figurer dans la r\u00e9f\u00e9rence.<br \/>\nPour toute autre utilisation, veuillez <a href=\"https:\/\/blogs.atd-quartmonde.org\/humanrights\/contact\/\">nous contacter<\/a>.<br \/>\nMerci de nous avertir lorsque des documents sont utilis\u00e9s.<\/p>\n<\/div>\n","protected":false},"excerpt":{"rendered":"<p>Vous \u00eates sur le blog https:\/\/blogs.atd-quartmonde.org\/humanrights\/ Ce blog est \u00e9dit\u00e9 par ATD Quart Monde (Agir Tous pour la Dignit\u00e9). Objectif et qualit\u00e9 des contenus Ce site a pour objectif d\u2019informer le grand public, les professionnels et les m\u00e9dias. ATD Quart &hellip; <a href=\"https:\/\/blogs.atd-quartmonde.org\/humanrights\/mentions-legales\/\">Continuer la lecture <span class=\"meta-nav\">&rarr;<\/span><\/a><\/p>\n","protected":false},"author":2,"featured_media":0,"parent":0,"menu_order":0,"comment_status":"closed","ping_status":"closed","template":"","meta":{"footnotes":""},"class_list":["post-510","page","type-page","status-publish","hentry"],"_links":{"self":[{"href":"https:\/\/blogs.atd-quartmonde.org\/humanrights\/wp-json\/wp\/v2\/pages\/510","targetHints":{"allow":["GET"]}}],"collection":[{"href":"https:\/\/blogs.atd-quartmonde.org\/humanrights\/wp-json\/wp\/v2\/pages"}],"about":[{"href":"https:\/\/blogs.atd-quartmonde.org\/humanrights\/wp-json\/wp\/v2\/types\/page"}],"author":[{"embeddable":true,"href":"https:\/\/blogs.atd-quartmonde.org\/humanrights\/wp-json\/wp\/v2\/users\/2"}],"replies":[{"embeddable":true,"href":"https:\/\/blogs.atd-quartmonde.org\/humanrights\/wp-json\/wp\/v2\/comments?post=510"}],"version-history":[{"count":13,"href":"https:\/\/blogs.atd-quartmonde.org\/humanrights\/wp-json\/wp\/v2\/pages\/510\/revisions"}],"predecessor-version":[{"id":631,"href":"https:\/\/blogs.atd-quartmonde.org\/humanrights\/wp-json\/wp\/v2\/pages\/510\/revisions\/631"}],"wp:attachment":[{"href":"https:\/\/blogs.atd-quartmonde.org\/humanrights\/wp-json\/wp\/v2\/media?parent=510"}],"curies":[{"name":"wp","href":"https:\/\/api.w.org\/{rel}","templated":true}]}}